{"id":25051,"date":"2023-03-16T15:00:43","date_gmt":"2023-03-16T12:00:43","guid":{"rendered":"http:\/\/www.dogalteks.com\/?page_id=25051"},"modified":"2023-09-09T00:15:25","modified_gmt":"2023-09-08T21:15:25","slug":"hakkimizda","status":"publish","type":"page","link":"http:\/\/www.dogalteks.com\/index.php\/hakkimizda\/","title":{"rendered":"Hakk\u0131m\u0131zda"},"content":{"rendered":"<p>[vc_row][vc_column width=&#8221;1\/2&#8243;]<div class=\"gem-image gem-wrapbox gem-wrapbox-style-default gem-wrapbox-position-below\"  style=\"\"><div class=\"gem-wrapbox-inner \" ><a href=\"http:\/\/www.dogalteks.com\/wp-content\/uploads\/2023\/03\/fabrika-766x605-1.jpg\" class=\"fancybox\"><img class=\"gem-wrapbox-element img-responsive\" src=\"http:\/\/www.dogalteks.com\/wp-content\/uploads\/2023\/03\/fabrika-766x605-1.jpg\" alt=\"\"\/><\/a><\/div><\/div>[\/vc_column][vc_column width=&#8221;1\/2&#8243;][vc_wp_text]<\/p>\n<p style=\"font-weight: 400;\">1989 y\u0131l\u0131nda kurulan Do\u011fal Tekstil , \u0130neg\u00f6l Organize sanayi b\u00f6lgesinde 2000 m2&#8217;lik kapal\u0131 alanda \u00fcretime ba\u015flam\u0131\u015f olup, Ev tekstili sekt\u00f6r\u00fcndeki geli\u015fmeler do\u011frultusunda T\u00fcl ve Perde \u00fczerine uzmanla\u015fm\u0131\u015ft\u0131r. Yat\u0131r\u0131mlar\u0131na devam ederek g\u00fcn\u00fcm\u00fczde 9000 m2 kapal\u0131 alanda 90 ile 100 ki\u015filik ekibiyle hizmet vermektedir.<\/p>\n<p style=\"font-weight: 400;\">Uzakdo\u011fu&#8217;dan Amerika Birle\u015fik Devletlerine kadar uzanan geni\u015f bir m\u00fc\u015fteri yelpazesinde 20 \u00fclkede, y\u00fczden fazla m\u00fc\u015fteriye hizmet veren firmam\u0131z \u00fcr\u00fcn gam\u0131 ve \u00e7al\u0131\u015ft\u0131\u011f\u0131 m\u00fc\u015fteri a\u011f\u0131n\u0131 m\u00fc\u015fterilerini koruyarak giderek geli\u015fmektedir.<\/p>\n<p style=\"font-weight: 400;\">Kaliteli \u00fcretim zaman\u0131nda teslim felsefesi ile m\u00fc\u015fterilerine hizmet veren firmam\u0131z, Evteks \/ \u0130stanbul ve Heimtextil \/ Frankfurt gibi se\u00e7kin fuarlara da s\u00fcrekli kat\u0131lmaktad\u0131r.<\/p>\n<p style=\"font-weight: 400;\">G\u00fcn\u00fcm\u00fcz pazar\u0131nda , yeni Renk ,Desen ve koleksiyonlar\u0131n \u00f6neminin bilinciyle trendleri de takip ederek, m\u00fc\u015fterilerin zevkine uygun s\u00fcrekli yeni desen ve koleksiyonlar \u00e7\u0131kar\u0131lmaktad\u0131r.<\/p>\n<p style=\"font-weight: 400;\">Do\u011fal tekstil b\u00fcnyesindeki ARGE departman\u0131 son teknoloji ile donat\u0131lm\u0131\u015f modern makine park\u0131 ve deneyimli kadrosu ile sekt\u00f6r\u00fcn geli\u015fimini ve m\u00fc\u015fteri taleplerini yak\u0131ndan takip etmektir.<\/p>\n<p>[\/vc_wp_text][\/vc_column][\/vc_row]<\/p>\n","protected":false},"excerpt":{"rendered":"<p>[vc_row][vc_column width=&#8221;1\/2&#8243;][\/vc_column][vc_column width=&#8221;1\/2&#8243;][vc_wp_text] 1989 y\u0131l\u0131nda kurulan Do\u011fal Tekstil , \u0130neg\u00f6l Organize sanayi b\u00f6lgesinde 2000 m2&#8217;lik kapal\u0131 alanda \u00fcretime ba\u015flam\u0131\u015f olup,&#8230;<\/p>\n","protected":false},"author":1,"featured_media":0,"parent":0,"menu_order":0,"comment_status":"closed","ping_status":"closed","template":"","meta":[],"_links":{"self":[{"href":"http:\/\/www.dogalteks.com\/index.php\/wp-json\/wp\/v2\/pages\/25051"}],"collection":[{"href":"http:\/\/www.dogalteks.com\/index.php\/wp-json\/wp\/v2\/pages"}],"about":[{"href":"http:\/\/www.dogalteks.com\/index.php\/wp-json\/wp\/v2\/types\/page"}],"author":[{"embeddable":true,"href":"http:\/\/www.dogalteks.com\/index.php\/wp-json\/wp\/v2\/users\/1"}],"replies":[{"embeddable":true,"href":"http:\/\/www.dogalteks.com\/index.php\/wp-json\/wp\/v2\/comments?post=25051"}],"version-history":[{"count":3,"href":"http:\/\/www.dogalteks.com\/index.php\/wp-json\/wp\/v2\/pages\/25051\/revisions"}],"predecessor-version":[{"id":25207,"href":"http:\/\/www.dogalteks.com\/index.php\/wp-json\/wp\/v2\/pages\/25051\/revisions\/25207"}],"wp:attachment":[{"href":"http:\/\/www.dogalteks.com\/index.php\/wp-json\/wp\/v2\/media?parent=25051"}],"curies":[{"name":"wp","href":"https:\/\/api.w.org\/{rel}","templated":true}]}}